{"id":9532,"date":"2022-04-21T13:26:10","date_gmt":"2022-04-21T13:26:10","guid":{"rendered":"http:\/\/www.relissdansa.com\/politica-de-cookies\/"},"modified":"2022-04-27T21:55:50","modified_gmt":"2022-04-27T21:55:50","slug":"politica-de-cookies","status":"publish","type":"page","link":"https:\/\/www.relissdansa.com\/ca\/politica-de-cookies\/","title":{"rendered":"Pol\u00edtica de Galetes"},"content":{"rendered":"<h5><b>POL\u00cdTICA DE GALETES<\/b><\/h5>\n<p><span style=\"font-weight: 400;\">Amb el compliment de l\u2019article 22 de la Llei 34\/2002, d'11 de juliol, dels serveis de la societat de la informaci\u00f3 i del comer\u00e7 electr\u00f2nic (LSSI), en relaci\u00f3 amb el Reglament (UE) 2016\/679 del Parlament Europeu i del Consell, de 27 d\u2019abril de 2016, General de Protecci\u00f3 de Dades (RGPD) i la Llei Org\u00e0nica 3\/2018, de 5 de desembre, de Protecci\u00f3 de Dades i garantia dels drets digitals (LOPDGDD), el titular posa a disposici\u00f3 dels usuaris la pol\u00edtica recollida i el tractament de galetes del lloc web.<\/span><\/p>\n<h5><b>Qu\u00e8 s\u00f3n les Galetes?<\/b><\/h5>\n<p><span style=\"font-weight: 400;\">Una galeta \u00e9s un fitxer que es descarrega al seu ordinador al entrar a determinades p\u00e0gines web. Les galetes permeten a una p\u00e0gina web, entre d\u2019altres coses, emmagatzemar i recuperar informaci\u00f3 sobre els h\u00e0bits de navegaci\u00f3 i, depenent de la informaci\u00f3 que obtinguin i de la manera en com s\u2019utilitzin en el seu equip, poden utilitzar-se per identificar-lo.<\/span><\/p>\n<h5><b>Galetes utilitzades en el lloc web<\/b><\/h5>\n<p><span style=\"font-weight: 400;\">A continuaci\u00f3, es classifiquen les galetes utilitzades pel lloc web&nbsp;<\/span><a href=\"https:\/\/www.relissdansa.com\/ca\/\"><span style=\"font-weight: 400;\">https:\/\/relissdansa.com<\/span><\/a><span style=\"font-weight: 400;\">:<\/span><\/p>\n<h5><b>Segons la identitat que les gestiona<\/b><\/h5>\n<ul>\n<li style=\"font-weight: 400;\" aria-level=\"1\"><span style=\"font-weight: 400;\">Galetes pr\u00f2pies: s\u00f3n aquelles enviades i gestionades directament pel titular.<\/span><\/li>\n<li style=\"font-weight: 400;\" aria-level=\"1\"><span style=\"font-weight: 400;\">Galetes de tercers: s\u00f3n aquelles que s\u2019envien a l\u2019usuari des d\u2019un domini ali\u00e8 al titular.<\/span><\/li>\n<\/ul>\n<h5><b>Segons la seva finalitat<\/b><\/h5>\n<ul>\n<li style=\"font-weight: 400;\" aria-level=\"1\"><span style=\"font-weight: 400;\">Galetes t\u00e8cniques: s\u00f3n aquelles que permeten als usuaris registrats navegar a trav\u00e9s del lloc web, de l\u2019\u00e0rea restringida i a utilitzar les seves diverses funcions com, per exemple, el sistema de comentaris o el buscador o dur a terme el proc\u00e9s de compra d\u2019un producte o servei.<\/span><\/li>\n<li style=\"font-weight: 400;\" aria-level=\"1\"><span style=\"font-weight: 400;\">Galetes de personalitzaci\u00f3: s\u00f3n aquelles que permeten als usuaris accedir al servei amb algunes caracter\u00edstiques de car\u00e0cter general preestablertes en funci\u00f3 d\u2019una s\u00e8rie de criteris establerts per l\u2019usuari com, per exemple, l\u2019idioma o el tipus de navegador a trav\u00e9s del qual es connecta al lloc web.<\/span><\/li>\n<li style=\"font-weight: 400;\" aria-level=\"1\"><span style=\"font-weight: 400;\">Galetes d\u2019an\u00e0lisi: s\u00f3n aquelles que, ben tractades pel lloc web o per tercers, permeten quantificar el n\u00famero d\u2019usuaris i aix\u00ed realitzar un an\u00e0lisis estad\u00edstic de la utilitzaci\u00f3 que fan els usuaris del lloc web. Per aix\u00f2, s\u2019analitza la navegaci\u00f3 que realitzen en el lloc web amb la finalitat de millorar-lo.<\/span><\/li>\n<li style=\"font-weight: 400;\" aria-level=\"1\"><span style=\"font-weight: 400;\">Galetes socials: s\u00f3n establertes per les plataformes de xarxes socials per tal de permetre als usuaris compartir contingut amb els seus amics i les xarxes.<\/span><\/li>\n<\/ul>\n<h5><b>Segons la seva duraci\u00f3<\/b><\/h5>\n<ul>\n<li style=\"font-weight: 400;\" aria-level=\"1\"><span style=\"font-weight: 400;\">Galetes de sessi\u00f3: s\u00f3n aquelles dissenyades per emmagatzemar dades mentre l\u2019usuari accedeix al lloc web.<\/span><\/li>\n<li style=\"font-weight: 400;\" aria-level=\"1\"><span style=\"font-weight: 400;\">Galetes persistents: s\u00f3n aquelles en les que les dades segueixen emmagatzemades en el terminal de l\u2019usuari i poden ser tractats durant un per\u00edode definit pel responsable de la galeta.<\/span><\/li>\n<\/ul>\n<h5><b>Llistat de galetes utilitzades<\/b><\/h5>\n<p><span style=\"font-weight: 400;\">Aquest lloc web pot instal\u00b7lar les seg\u00fcents galetes:<\/span><\/p>\n<h5><b>Galetes t\u00e8cniques<\/b><\/h5>\n<ul>\n<li style=\"font-weight: 400;\" aria-level=\"1\"><b>wp-settings-{user_id}:<\/b><span style=\"font-weight: 400;\">&nbsp;Galeta t\u00e8cnica que s\u2019utilitza per mantenir la configuraci\u00f3 de l\u2019usuari a l\u2019escriptori de WordPress (\/wp-admin). \u00c9s persistent i t\u00e9 una duraci\u00f3 de 1 any.<\/span><\/li>\n<li style=\"font-weight: 400;\" aria-level=\"1\"><b>hasConsent:<\/b><span style=\"font-weight: 400;\">&nbsp;Galeta t\u00e8cnica que emmagatzema el consentiment de l\u2019usuari. \u00c9s persistent i t\u00e9 una duraci\u00f3 de 1 any.<\/span><\/li>\n<\/ul>\n<p><b>Galetes d\u2019an\u00e0lisi o medici\u00f3<\/b><\/p>\n<ul>\n<li style=\"font-weight: 400;\" aria-level=\"1\"><b>_fbp:<\/b><span style=\"font-weight: 400;\">&nbsp;Galeta que mesura el rendiment de la publicitat de Facebook. \u00c9s persistent i t\u00e9 una duraci\u00f3 de 1 dia.<\/span><\/li>\n<li style=\"font-weight: 400;\" aria-level=\"1\"><b>fr, sb:<\/b><span style=\"font-weight: 400;\">&nbsp;Galetes que mesura el rendiment de la publicitat de Facebook. S\u00f3n galetes persistents.<\/span><\/li>\n<li style=\"font-weight: 400;\" aria-level=\"1\"><b>Pixel:<\/b><span style=\"font-weight: 400;\">&nbsp;Galeta que permet oferir als visitants del lloc web publicitat personalitzada a la seva plataforma basant-se en les dades relatives de les cap\u00e7aleres http, el p\u00edxel (ID, galeta Facebook), i registrar i comunicar a Facebook les accions de l\u2019usuari en el lloc web.<\/span><\/li>\n<li style=\"font-weight: 400;\" aria-level=\"1\"><b>_ga:<\/b><span style=\"font-weight: 400;\">&nbsp;Galeta Anal\u00edtica que habilita la funci\u00f3 de control de visites \u00faniques. s persistent i t\u00e9 una duraci\u00f3 de 2 anys.<\/span><\/li>\n<li style=\"font-weight: 400;\" aria-level=\"1\"><b>_gat:<\/b><span style=\"font-weight: 400;\">&nbsp;Galeta Anal\u00edtica per limitar el n\u00famero de sol\u00b7licituds. El seu \u00e0mbit \u00e9s la sessi\u00f3 i t\u00e9 una duraci\u00f3 de 1 minut.<\/span><\/li>\n<li style=\"font-weight: 400;\" aria-level=\"1\"><b>_gid:<\/b><span style=\"font-weight: 400;\">&nbsp;Galeta Anal\u00edtica per distingir usuaris. El seu \u00e0mbit \u00e9s la sessi\u00f3 i t\u00e9 una duraci\u00f3 de 24 hores.<\/span><\/li>\n<\/ul>\n<p><span style=\"font-weight: 400;\">Informaci\u00f3 addicional:<\/span><\/p>\n<ul>\n<li style=\"font-weight: 400;\" aria-level=\"1\"><span style=\"font-weight: 400;\">Obt\u00e9 m\u00e9s informaci\u00f3 sobre l\u2019\u00fas de les galetes per part de Facebook a la p\u00e0gina de&nbsp;<\/span><a href=\"https:\/\/www.facebook.com\/policies\/cookies\/\"><span style=\"font-weight: 400;\">Pol\u00edtica de Galetes de Facebook<\/span><\/a><\/li>\n<li style=\"font-weight: 400;\" aria-level=\"1\"><span style=\"font-weight: 400;\">Google Analytics pot instal\u00b7lar unes altres galetes segons el document d\u2019us de les galetes de Google Analytics en llocs web que pot consultar&nbsp;<\/span><a href=\"https:\/\/developers.google.com\/analytics\/devguides\/collection\/analyticsjs\/cookie-usage?hl=es\"><span style=\"font-weight: 400;\">en aquest enlla\u00e7.<\/span><\/a><span style=\"font-weight: 400;\">.<\/span><\/li>\n<\/ul>\n<h5><b>Galetes socials<\/b><\/h5>\n<ul>\n<li style=\"font-weight: 400;\" aria-level=\"1\"><span style=\"font-weight: 400;\">El lloc web inclou funcionalitats proporcionades per serveis de tercers i xarxes socials per tal de millorar l\u2019experi\u00e8ncia dels visitants. Pot compartir el contingut a les seves xarxes socials com Facebook, Twitter, Instagram, Vimeo o YouTube amb els botons inclosos o amb les eines per compartir pr\u00f2pies de les xarxes socials. Com a resultat d'aquests serveis poden instal\u00b7lar galetes i utilitzar-les per tal de rastrejar la seva activitat online. El titular no t\u00e9 control directe sobre la informaci\u00f3 recopilada per aquestes galetes.<\/span><\/li>\n<\/ul>\n<p><span style=\"font-weight: 400;\">El lloc web pot instal\u00b7lar altres galetes:<\/span><\/p>\n<p><span style=\"font-weight: 400;\">vchideactivationmsg_vc11<\/span><span style=\"font-weight: 400;\"><br \/>\n<\/span><span style=\"font-weight: 400;\">wordpress_test_cookie<\/span><span style=\"font-weight: 400;\"><br \/>\n<\/span><span style=\"font-weight: 400;\">wp-wpml_current_admin_language_d41d8cd98f00b204e9800998ecf8427e<\/span><span style=\"font-weight: 400;\"><br \/>\n<\/span><span style=\"font-weight: 400;\">tk_ai<\/span><span style=\"font-weight: 400;\"><br \/>\n<\/span><span style=\"font-weight: 400;\">woocommerce_items_in_cart<\/span><span style=\"font-weight: 400;\"><br \/>\n<\/span><span style=\"font-weight: 400;\">woocommerce_cart_hash<\/span><span style=\"font-weight: 400;\"><br \/>\n<\/span><span style=\"font-weight: 400;\">wp-wpml_current_language<\/span><span style=\"font-weight: 400;\"><br \/>\n<\/span><span style=\"font-weight: 400;\">us_cookie_notice_accepted<\/span><span style=\"font-weight: 400;\"><br \/>\n<\/span><span style=\"font-weight: 400;\">__kla_id<\/span><span style=\"font-weight: 400;\"><br \/>\n<\/span><span style=\"font-weight: 400;\">kl_forms_modal<\/span><span style=\"font-weight: 400;\"><br \/>\n<\/span><span style=\"font-weight: 400;\">wevarnishpass<\/span><span style=\"font-weight: 400;\"><br \/>\n<\/span><span style=\"font-weight: 400;\">wp-settings-*<\/span><\/p>\n<h5><b>Eliminaci\u00f3 de galetes<\/b><\/h5>\n<p><span style=\"font-weight: 400;\">Pot acceptar, bloquejar o eliminar les galetes instal\u00b7lades al seu equip mitjan\u00e7ant la configuraci\u00f3 de les opcions del navegador, per\u00f2, tingui en compte, que part del lloc web no funcionar\u00e0 correctament o que algunes funcionalitats no estaran disponibles o tindran errors.<\/span><\/p>\n<p><span style=\"font-weight: 400;\">Als seg\u00fcents enlla\u00e7os, trobar\u00e0 instruccions per habilitat i deshabilitar les galetes en els navegadors m\u00e9s comuns:<\/span><\/p>\n<ul>\n<li style=\"font-weight: 400;\" aria-level=\"1\"><a href=\"http:\/\/support.mozilla.org\/es\/kb\/habilitar-y-deshabilitar-cookies-que-los-sitios-we\"><span style=\"font-weight: 400;\">Firefox<\/span><\/a><\/li>\n<li style=\"font-weight: 400;\" aria-level=\"1\"><a href=\"https:\/\/support.google.com\/chrome\/answer\/95647?hl=es\"><span style=\"font-weight: 400;\">Google Chrome<\/span><\/a><\/li>\n<li style=\"font-weight: 400;\" aria-level=\"1\"><a href=\"https:\/\/support.microsoft.com\/es-es\/help\/17442\/windows-internet-explorer-delete-manage-cookies#ie=%22ie-10\"><span style=\"font-weight: 400;\">Internet Explorer<\/span><\/a><\/li>\n<li style=\"font-weight: 400;\" aria-level=\"1\"><a href=\"https:\/\/support.microsoft.com\/es-es\/help\/4468242\/microsoft-edge-browsing-data-and-privacy\"><span style=\"font-weight: 400;\">Microsoft Edge<\/span><\/a><\/li>\n<li style=\"font-weight: 400;\" aria-level=\"1\"><a href=\"http:\/\/support.apple.com\/kb\/HT1677?viewlocale=es_ES\"><span style=\"font-weight: 400;\">Safari<\/span><\/a><\/li>\n<\/ul>\n<h5><b>Tractament de les dades personals<\/b><\/h5>\n<p><span style=\"font-weight: 400;\">El titular \u00e9s el responsable del tractament de les dades personals de l'usuari. Pot consultar tota la informaci\u00f3 relativa al tractament de les dades personals que recull el titular a la p\u00e0gina de la&nbsp;<\/span><a href=\"https:\/\/www.fhygge.com\/politica-de-privacidad\"><span style=\"font-weight: 400;\">Pol\u00edtica de Privacitat<\/span><\/a><span style=\"font-weight: 400;\">.<\/span><\/p>\n<h5><b>Contacte<\/b><\/h5>\n<p><span style=\"font-weight: 400;\">En cas de tenir qualsevol dubte sobre la Pol\u00edtica de galetes o vulgui realitzar qualsevol comentar sobre el lloc web, pot enviar-nos un missatge a la direcci\u00f3 de correu electr\u00f2nic: info@relissdansa.com<\/span><\/p>","protected":false},"excerpt":{"rendered":"<p>POL\u00cdTICA DE COOKIES En cumplimiento con el art\u00edculo 22 de la Ley 34\/2002, de 11 de julio, de servicios de la sociedad de la informaci\u00f3n y de comercio electr\u00f3nico (LSSI), [&hellip;]<\/p>\n","protected":false},"author":1,"featured_media":0,"parent":0,"menu_order":0,"comment_status":"closed","ping_status":"closed","template":"","meta":{"_EventAllDay":false,"_EventTimezone":"","_EventStartDate":"","_EventEndDate":"","_EventStartDateUTC":"","_EventEndDateUTC":"","_EventShowMap":false,"_EventShowMapLink":false,"_EventURL":"","_EventCost":"","_EventCostDescription":"","_EventCurrencySymbol":"","_EventCurrencyCode":"","_EventCurrencyPosition":"","_EventDateTimeSeparator":"","_EventTimeRangeSeparator":"","_EventOrganizerID":[],"_EventVenueID":[],"_OrganizerEmail":"","_OrganizerPhone":"","_OrganizerWebsite":"","_VenueAddress":"","_VenueCity":"","_VenueCountry":"","_VenueProvince":"","_VenueState":"","_VenueZip":"","_VenuePhone":"","_VenueURL":"","_VenueStateProvince":"","_VenueLat":"","_VenueLng":"","_VenueShowMap":false,"_VenueShowMapLink":false,"_joinchat":[],"footnotes":""},"class_list":["post-9532","page","type-page","status-publish","hentry"],"_links":{"self":[{"href":"https:\/\/www.relissdansa.com\/ca\/wp-json\/wp\/v2\/pages\/9532","targetHints":{"allow":["GET"]}}],"collection":[{"href":"https:\/\/www.relissdansa.com\/ca\/wp-json\/wp\/v2\/pages"}],"about":[{"href":"https:\/\/www.relissdansa.com\/ca\/wp-json\/wp\/v2\/types\/page"}],"author":[{"embeddable":true,"href":"https:\/\/www.relissdansa.com\/ca\/wp-json\/wp\/v2\/users\/1"}],"replies":[{"embeddable":true,"href":"https:\/\/www.relissdansa.com\/ca\/wp-json\/wp\/v2\/comments?post=9532"}],"version-history":[{"count":5,"href":"https:\/\/www.relissdansa.com\/ca\/wp-json\/wp\/v2\/pages\/9532\/revisions"}],"predecessor-version":[{"id":9713,"href":"https:\/\/www.relissdansa.com\/ca\/wp-json\/wp\/v2\/pages\/9532\/revisions\/9713"}],"wp:attachment":[{"href":"https:\/\/www.relissdansa.com\/ca\/wp-json\/wp\/v2\/media?parent=9532"}],"curies":[{"name":"wp","href":"https:\/\/api.w.org\/{rel}","templated":true}]}}